{"id":304,"date":"2024-02-21T22:26:59","date_gmt":"2024-02-21T19:26:59","guid":{"rendered":"https:\/\/avukatseo.kullerian.com\/kitaplarimiz\/"},"modified":"2024-02-22T11:29:16","modified_gmt":"2024-02-22T08:29:16","slug":"our-books","status":"publish","type":"page","link":"https:\/\/senemyilmazel.av.tr\/en\/our-books\/","title":{"rendered":"Our Books"},"content":{"rendered":"<p><img loading=\"lazy\" decoding=\"async\" class=\"size-full wp-image-260 alignleft\" src=\"https:\/\/avukatseo.kullerian.com\/wp-content\/uploads\/2024\/02\/avukat-senem-yilmaz-kitap-1.jpeg\" alt=\"\" width=\"185\" height=\"289\" \/>\u201cKar\u015f\u0131l\u0131ks\u0131z \u00c7ekten Kaynaklanan Hukuki ve Cezai Sorumluluklar\u201d konusu, bilimsel ara\u015ft\u0131rma yapanlara ve uygulamac\u0131lara yard\u0131mc\u0131 olmak amac\u0131yla incelenmi\u015f; kitap haline getirilmi\u015ftir.<\/p>\n<p>T\u00fcrk Ticaret Kanunu ve T\u00fcrk Bor\u00e7lar Kanunu\u2019nda da \u00e7eke ili\u015fkin d\u00fczenlemeler bulunmaktad\u0131r. Kar\u015f\u0131l\u0131ks\u0131z \u00e7ekten kaynaklanan hukuki ve cezai sorumluluklar konusu ile ilgili da\u011f\u0131n\u0131k h\u00fck\u00fcmlerin bir araya getirilerek; konunun tahlil edilmesi i\u00e7in kitab\u0131m\u0131z haz\u0131rlanm\u0131\u015ft\u0131r.<\/p>\n<p>Eserimizdeki a\u00e7\u0131klamalar\u0131m\u0131z \u00f6rnek Yarg\u0131tay kararlar\u0131 ve \u00f6\u011freti g\u00f6r\u00fc\u015fleriyle desteklenmi\u015ftir. Uygulamac\u0131lara yard\u0131mc\u0131 olmak amac\u0131yla kitab\u0131m\u0131z\u0131n ek k\u0131sm\u0131nda kendi haz\u0131rlam\u0131\u015f oldu\u011fum, uygulamada \u00e7ok s\u0131k ihtiya\u00e7 duyulan dilek\u00e7e \u00f6rneklerine ve konu ile ilgili kanunun maddelerine yer verilmi\u015ftir. Kitab\u0131m\u0131z\u0131 se\u00e7kin yay\u0131n evinden veya internetten sipari\u015f vermek suretiyle sat\u0131n alabilirsiniz. \u0130nternetten\u00a0<a href=\"https:\/\/www.seckin.com.tr\/kitap\/881714881\" target=\"_blank\" rel=\"noopener\"><span id=\"u62934-11\">www.seckin.com.tr<\/span>\u00a0<\/a>adresine girip; yazar ve kitap bilgilerini girerek kitaptan sipari\u015f verebilirsiniz.<\/p>\n","protected":false},"excerpt":{"rendered":"<p>\u201cKar\u015f\u0131l\u0131ks\u0131z \u00c7ekten Kaynaklanan Hukuki ve Cezai Sorumluluklar\u201d konusu, bilimsel ara\u015ft\u0131rma yapanlara ve uygulamac\u0131lara yard\u0131mc\u0131 olmak amac\u0131yla incelenmi\u015f; kitap haline getirilmi\u015ftir. T\u00fcrk Ticaret Kanunu ve T\u00fcrk Bor\u00e7lar Kanunu\u2019nda da \u00e7eke ili\u015fkin d\u00fczenlemeler bulunmaktad\u0131r. Kar\u015f\u0131l\u0131ks\u0131z \u00e7ekten kaynaklanan hukuki ve cezai sorumluluklar konusu ile ilgili da\u011f\u0131n\u0131k h\u00fck\u00fcmlerin bir araya getirilerek; konunun tahlil edilmesi i\u00e7in kitab\u0131m\u0131z haz\u0131rlanm\u0131\u015ft\u0131r. Eserimizdeki a\u00e7\u0131klamalar\u0131m\u0131z [&hellip;]<\/p>\n","protected":false},"author":1,"featured_media":0,"parent":0,"menu_order":0,"comment_status":"closed","ping_status":"closed","template":"","meta":{"footnotes":"","_links_to":"","_links_to_target":""},"class_list":["post-304","page","type-page","status-publish","hentry"],"aioseo_notices":[],"_links":{"self":[{"href":"https:\/\/senemyilmazel.av.tr\/en\/wp-json\/wp\/v2\/pages\/304","targetHints":{"allow":["GET"]}}],"collection":[{"href":"https:\/\/senemyilmazel.av.tr\/en\/wp-json\/wp\/v2\/pages"}],"about":[{"href":"https:\/\/senemyilmazel.av.tr\/en\/wp-json\/wp\/v2\/types\/page"}],"author":[{"embeddable":true,"href":"https:\/\/senemyilmazel.av.tr\/en\/wp-json\/wp\/v2\/users\/1"}],"replies":[{"embeddable":true,"href":"https:\/\/senemyilmazel.av.tr\/en\/wp-json\/wp\/v2\/comments?post=304"}],"version-history":[{"count":1,"href":"https:\/\/senemyilmazel.av.tr\/en\/wp-json\/wp\/v2\/pages\/304\/revisions"}],"predecessor-version":[{"id":312,"href":"https:\/\/senemyilmazel.av.tr\/en\/wp-json\/wp\/v2\/pages\/304\/revisions\/312"}],"wp:attachment":[{"href":"https:\/\/senemyilmazel.av.tr\/en\/wp-json\/wp\/v2\/media?parent=304"}],"curies":[{"name":"wp","href":"https:\/\/api.w.org\/{rel}","templated":true}]}}